{"id":106,"date":"2017-12-18T12:57:03","date_gmt":"2017-12-18T12:57:03","guid":{"rendered":"http:\/\/wp.wood-stuff.de\/?page_id=106"},"modified":"2023-12-07T10:09:46","modified_gmt":"2023-12-07T10:09:46","slug":"live","status":"publish","type":"page","link":"https:\/\/www.wood-stuff.de\/?page_id=106","title":{"rendered":"Live"},"content":{"rendered":"<h1><\/h1>\n<h1>Live in Concert<\/h1>\n<h1><strong>Verpasst:<\/strong><\/h1>\n<h2><a href=\"https:\/\/www.wood-stuff.de\/WordPress_03\/wp-content\/uploads\/2023\/11\/Gluehweinbude-1.png\"><img decoding=\"async\" loading=\"lazy\" class=\"alignnone wp-image-522 size-full\" src=\"https:\/\/www.wood-stuff.de\/WordPress_03\/wp-content\/uploads\/2023\/11\/Gluehweinbude-1.png\" alt=\"Ralfs Gl\u00fchweinbude\" width=\"720\" height=\"676\" srcset=\"https:\/\/www.wood-stuff.de\/WordPress_03\/wp-content\/uploads\/2023\/11\/Gluehweinbude-1.png 720w, https:\/\/www.wood-stuff.de\/WordPress_03\/wp-content\/uploads\/2023\/11\/Gluehweinbude-1-300x282.png 300w\" sizes=\"(max-width: 720px) 100vw, 720px\" \/><\/a><br \/>\n<strong><br \/>\n&#8211; Ralfs Gl\u00fchweinbude &#8211;<br \/>\n<\/strong><\/h2>\n<p><strong>06.12.2023.2023 &#8211; 19:00 &#8211; 21:00h<br \/>\n<\/strong>Moltkeplatz<br \/>\n53173 Bonn<\/p>\n<hr \/>\n<h2><strong>&#8211; Museumsmeilenfest &#8211;<\/strong><\/h2>\n<p><strong>03.06.2023 &#8211; 17:30 &#8211; 19:00h<\/strong><\/p>\n<p>Museum K\u00f6nig<br \/>\nGro\u00dfe B\u00fchne im Garten<br \/>\nAdenauerallee 160<br \/>\n53113 Bonn<\/p>\n<hr \/>\n<h2><strong>&#8211; Dorf- und Helferfest &#8211;<br \/>\n<\/strong><\/h2>\n<p><strong> 27.08.2022 &#8211; 14:30 &#8211; 15:30h<\/strong><br \/>\nAm Zehnthof<br \/>\n53913 Swisttal-Odendorf<\/p>\n<hr \/>\n<h2><strong>&#8211; Friesdorfer Kirmes &#8211;<br \/>\n<\/strong><\/h2>\n<p><strong>14.05.2022 &#8211; 20:00 &#8211; 22:00h<\/strong><\/p>\n<p>Festzelt<br \/>\nPlatz an der Margaretenstra\u00dfe<br \/>\n53175 Bonn<\/p>\n<p><a href=\"https:\/\/www.wood-stuff.de\/WordPress_03\/wp-content\/uploads\/2022\/03\/WOODSTUFF_2022-01.png\" target=\"_blank\" rel=\"noopener\"><img decoding=\"async\" loading=\"lazy\" class=\"alignnone wp-image-478 size-large\" src=\"https:\/\/www.wood-stuff.de\/WordPress_03\/wp-content\/uploads\/2022\/03\/WOODSTUFF_2022-01-1024x674.png\" alt=\"WOODSTUFF live: Friesdorfer Kirmes - 14.05.2022\" width=\"525\" height=\"346\" srcset=\"https:\/\/www.wood-stuff.de\/WordPress_03\/wp-content\/uploads\/2022\/03\/WOODSTUFF_2022-01-1024x674.png 1024w, https:\/\/www.wood-stuff.de\/WordPress_03\/wp-content\/uploads\/2022\/03\/WOODSTUFF_2022-01-300x197.png 300w, https:\/\/www.wood-stuff.de\/WordPress_03\/wp-content\/uploads\/2022\/03\/WOODSTUFF_2022-01-768x505.png 768w, https:\/\/www.wood-stuff.de\/WordPress_03\/wp-content\/uploads\/2022\/03\/WOODSTUFF_2022-01.png 1055w\" sizes=\"(max-width: 525px) 100vw, 525px\" \/><\/a><\/p>\n<hr \/>\n<h2>\u00a0<span style=\"color: #ff0000;\">ABGESAGT!<br \/>\n<\/span><strong>&#8211; Poppelsdorfer Stra\u00dfenfest &#8211;<\/strong><\/h2>\n<p><strong style=\"font-size: 1rem;\">18.09.2021 &#8211; 18:00 &#8211; 20:00h<\/strong><\/p>\n<p>Gro\u00dfe B\u00fchne<br \/>\nClemens-August-Stra\u00dfe<br \/>\n53115 Bonn<\/p>\n<hr \/>\n<h2><strong>&#8211; Privat &#8211;<\/strong><\/h2>\n<p><strong style=\"font-size: 1rem;\">12.09.2020\u00a0<\/strong><\/p>\n<p>Irgendwo im Nirgendwo<\/p>\n<hr \/>\n<h2><strong>&#8211; Vorgezogene Wahlparty &#8211;<br \/>\nHelmuth B\u00fcrgermeister f\u00fcr Deutschland<\/strong><\/h2>\n<p><strong style=\"font-size: 1rem;\">05.09.2020\u00a0<\/strong><\/p>\n<p>53175 Bonn<\/p>\n<hr \/>\n<h2>\u00a0<span style=\"color: #ff0000;\">ABGESAGT!\u00a0<\/span><strong><span style=\"color: #ff0000;\"><br \/>\n<\/span><\/strong><strong>&#8211; Privat &#8211;<\/strong><\/h2>\n<p><strong style=\"font-size: 1rem;\">04.04.2020\u00a0<\/strong><\/p>\n<p>53111 Bonn<\/p>\n<hr \/>\n<h2><span style=\"color: #ff0000;\">ABGESAGT!<br \/>\n<\/span><strong>&#8211; Friesdorfer Kirmes &#8211;<\/strong><\/h2>\n<p><strong style=\"font-size: 1rem;\">08.05.2020 &#8211; 19:00 &#8211; 21:00h<\/strong><\/p>\n<p>Festzelt<br \/>\nPlatz an der Margaretenstra\u00dfe<br \/>\n53175 Bonn<\/p>\n<p><a href=\"https:\/\/www.wood-stuff.de\/WordPress_03\/wp-content\/uploads\/2020\/03\/Friesdorfer-Kirmes-2020-Woodstuff.png\" target=\"_blank\" rel=\"noopener\"><img decoding=\"async\" loading=\"lazy\" class=\"alignnone wp-image-420 size-large\" src=\"https:\/\/www.wood-stuff.de\/WordPress_03\/wp-content\/uploads\/2020\/03\/Friesdorfer-Kirmes-2020-Woodstuff-724x1024.png\" alt=\"\" width=\"525\" height=\"743\" srcset=\"https:\/\/www.wood-stuff.de\/WordPress_03\/wp-content\/uploads\/2020\/03\/Friesdorfer-Kirmes-2020-Woodstuff-724x1024.png 724w, https:\/\/www.wood-stuff.de\/WordPress_03\/wp-content\/uploads\/2020\/03\/Friesdorfer-Kirmes-2020-Woodstuff-212x300.png 212w, https:\/\/www.wood-stuff.de\/WordPress_03\/wp-content\/uploads\/2020\/03\/Friesdorfer-Kirmes-2020-Woodstuff-768x1087.png 768w, https:\/\/www.wood-stuff.de\/WordPress_03\/wp-content\/uploads\/2020\/03\/Friesdorfer-Kirmes-2020-Woodstuff.png 1753w\" sizes=\"(max-width: 525px) 100vw, 525px\" \/><\/a><\/p>\n<hr \/>\n<h2><span style=\"color: #ff0000;\">ABGESAGT!<br \/>\n<\/span><strong>&#8211; Privat &#8211;<\/strong><\/h2>\n<p><strong style=\"font-size: 1rem;\">30.05.2020\u00a0<\/strong><\/p>\n<p>53117 Bonn<\/p>\n<hr \/>\n<h2><span style=\"color: #ff0000;\">ABGESAGT!<br \/>\n<\/span><strong>&#8211; Poppelsdorfer Stra\u00dfenfest &#8211;<\/strong><\/h2>\n<p><strong style=\"font-size: 1rem;\">19.09.2020 &#8211; 18:00 &#8211; 20:00h<\/strong><\/p>\n<p>Gro\u00dfe B\u00fchne<br \/>\nClemens-August-Stra\u00dfe<br \/>\n53115 Bonn<\/p>\n<hr \/>\n<h2><strong><a href=\"https:\/\/www.wood-stuff.de\/WordPress_03\/wp-content\/uploads\/2019\/12\/WOODSTUFF_SW_Blumenladen_2019.png\" target=\"_blank\" rel=\"noopener\"><img decoding=\"async\" loading=\"lazy\" class=\"alignnone wp-image-394 size-large\" src=\"https:\/\/www.wood-stuff.de\/WordPress_03\/wp-content\/uploads\/2019\/12\/WOODSTUFF_SW_Blumenladen_2019-1024x683.png\" alt=\"\" width=\"525\" height=\"350\" srcset=\"https:\/\/www.wood-stuff.de\/WordPress_03\/wp-content\/uploads\/2019\/12\/WOODSTUFF_SW_Blumenladen_2019-1024x683.png 1024w, https:\/\/www.wood-stuff.de\/WordPress_03\/wp-content\/uploads\/2019\/12\/WOODSTUFF_SW_Blumenladen_2019-300x200.png 300w, https:\/\/www.wood-stuff.de\/WordPress_03\/wp-content\/uploads\/2019\/12\/WOODSTUFF_SW_Blumenladen_2019-768x512.png 768w, https:\/\/www.wood-stuff.de\/WordPress_03\/wp-content\/uploads\/2019\/12\/WOODSTUFF_SW_Blumenladen_2019.png 1500w\" sizes=\"(max-width: 525px) 100vw, 525px\" \/><\/a><\/strong><\/h2>\n<h2><strong>&#8211; A Night at the Florist&#8217;s #2 &#8211;<\/strong><\/h2>\n<p><strong>28.12.2019 &#8211; 19:00h<\/strong><\/p>\n<p>Blumen Hannes<br \/>\nAnnaberger\u00a0Str. 123<br \/>\n53175 Bonn<\/p>\n<hr \/>\n<h2><strong>2. Inoffizielles Unterdorfer Kr\u00fctzjesfest<\/strong><\/h2>\n<p><strong>09.11.2019<\/strong><\/p>\n<p>Friesdorf<br \/>\nNur geladene G\u00e4ste!<\/p>\n<hr \/>\n<h2><strong>Stadtfest Bad Godesberg<br \/>\n<\/strong><\/h2>\n<p><strong>13.09.2019 &#8211; 17:30 &#8211; 19:30h<\/strong><\/p>\n<p>Theaterplatz<br \/>\n53177 Bonn-Bad Godesberg<\/p>\n<hr \/>\n<h2><strong>1. Inoffizielles Unterdorfer Kr\u00fctzjesfest<\/strong><\/h2>\n<p><strong>01.06.2019<\/strong><\/p>\n<p>Friesdorf<br \/>\nNur geladene G\u00e4ste!<\/p>\n<hr \/>\n<h2><strong>Weinfest &#8222;Go Vinum&#8220; Bad Godesberg<\/strong><\/h2>\n<p><strong>10.05.2019 &#8211; 18:30 &#8211; 20:00h<\/strong><\/p>\n<p>Theaterplatz<br \/>\n53177 Bonn-Bad Godesberg<\/p>\n<hr \/>\n<h2><strong>A Night at the Barber Shop #2<\/strong><\/h2>\n<p><strong>30.04.2019 &#8211; 19:30h<\/strong><\/p>\n<p>Friseur Koll<br \/>\nAnnaberger Str. 144<br \/>\n53175 Bonn<\/p>\n<hr \/>\n<h2><strong>&#8211; Big Daddy &#8211;<\/strong><\/h2>\n<p><strong>13.04.2019 &#8211; 19:30h<\/strong><\/p>\n<p>Big Daddy<br \/>\nAnnaberger Str. 190<br \/>\n53175 Bonn<\/p>\n<hr \/>\n<h2>\u00a0<strong>&#8211; Gleis 1960 &#8211;<\/strong><\/h2>\n<p><strong>06.10.2018 &#8211; 19:00h<\/strong><\/p>\n<p><a href=\"https:\/\/de-de.facebook.com\/EventLokal1960\/\" target=\"_blank\" rel=\"noopener\">Gleis 1960<\/a><br \/>\nBahnhofstra\u00dfe 3<br \/>\n53557 Bad H\u00f6nningen<\/p>\n<hr \/>\n<h2><strong>&#8211; Poolen Pop &#8211;<\/strong><\/h2>\n<p><strong>19.08.2018<\/strong><\/p>\n<p>Maastricht<\/p>\n<hr \/>\n<h2><strong>&#8211; Museumsmeilenfest &#8211;<\/strong><\/h2>\n<p><strong>02.06.2018 &#8211; 17:30 &#8211; 18:30h<\/strong><\/p>\n<p>Museum K\u00f6nig<br \/>\nGro\u00dfe B\u00fchne im Garten<br \/>\nAdenauerallee 160<br \/>\n53113 Bonn<\/p>\n<hr \/>\n<h2><strong>&#8211; Privater Gig &#8211;<\/strong><\/h2>\n<p><strong>12.05.2018<\/strong><\/p>\n<p>53175 Bonn<\/p>\n<hr \/>\n<h2><strong>&#8211; Live Club Session &#8211;<\/strong><\/h2>\n<p><strong>02.03.2018 &#8211; 19:30h<\/strong><\/p>\n<p><a href=\"https:\/\/musikclubsession.jimdo.com\" target=\"_blank\" rel=\"noopener\">Musikclub Session<\/a><br \/>\nGerhard-von-Are-Str. 4<br \/>\n53111 Bonn<\/p>\n<hr \/>\n<h2><strong>&#8211; Big Daddy &#8211;<\/strong><\/h2>\n<p><strong>23.02.2018 &#8211; 19:30h<\/strong><\/p>\n<p>Big Daddy<br \/>\nAnnaberger Str. 190<br \/>\n53175 Bonn<\/p>\n<hr \/>\n<h2><strong>&#8211; A Night at the Florist&#8217;s &#8211;<\/strong><\/h2>\n<p><strong>30.12.2017 &#8211; 19:30h<\/strong><\/p>\n<p>Blumen Hannes<br \/>\nAnnaberger\u00a0Str. 123<br \/>\n53175 Bonn<\/p>\n<hr \/>\n<h2><\/h2>\n<p><img decoding=\"async\" loading=\"lazy\" class=\"alignnone wp-image-36 size-medium\" src=\"https:\/\/www.wood-stuff.de\/WordPress_03\/wp-content\/uploads\/2017\/12\/woodstuff_2-1-300x130.gif\" alt=\"\" width=\"300\" height=\"130\" \/><\/p>\n","protected":false},"excerpt":{"rendered":"<p>Live in Concert Verpasst: &#8211; Ralfs Gl\u00fchweinbude &#8211; 06.12.2023.2023 &#8211; 19:00 &#8211; 21:00h Moltkeplatz 53173 Bonn &#8211; Museumsmeilenfest &#8211; 03.06.2023 &#8211; 17:30 &#8211; 19:00h Museum K\u00f6nig Gro\u00dfe B\u00fchne im Garten Adenauerallee 160 53113 Bonn &#8211; Dorf- und Helferfest &#8211; 27.08.2022 &#8211; 14:30 &#8211; 15:30h Am Zehnthof 53913 Swisttal-Odendorf &#8211; Friesdorfer Kirmes &#8211; 14.05.2022 &#8211; 20:00 &hellip; <\/p>\n<p class=\"link-more\"><a href=\"https:\/\/www.wood-stuff.de\/?page_id=106\" class=\"more-link\"><span class=\"screen-reader-text\">&#8222;Live&#8220;<\/span> weiterlesen<\/a><\/p>\n","protected":false},"author":1,"featured_media":0,"parent":0,"menu_order":0,"comment_status":"closed","ping_status":"closed","template":"","meta":[],"_links":{"self":[{"href":"https:\/\/www.wood-stuff.de\/index.php?rest_route=\/wp\/v2\/pages\/106"}],"collection":[{"href":"https:\/\/www.wood-stuff.de\/index.php?rest_route=\/wp\/v2\/pages"}],"about":[{"href":"https:\/\/www.wood-stuff.de\/index.php?rest_route=\/wp\/v2\/types\/page"}],"author":[{"embeddable":true,"href":"https:\/\/www.wood-stuff.de\/index.php?rest_route=\/wp\/v2\/users\/1"}],"replies":[{"embeddable":true,"href":"https:\/\/www.wood-stuff.de\/index.php?rest_route=%2Fwp%2Fv2%2Fcomments&post=106"}],"version-history":[{"count":99,"href":"https:\/\/www.wood-stuff.de\/index.php?rest_route=\/wp\/v2\/pages\/106\/revisions"}],"predecessor-version":[{"id":539,"href":"https:\/\/www.wood-stuff.de\/index.php?rest_route=\/wp\/v2\/pages\/106\/revisions\/539"}],"wp:attachment":[{"href":"https:\/\/www.wood-stuff.de\/index.php?rest_route=%2Fwp%2Fv2%2Fmedia&parent=106"}],"curies":[{"name":"wp","href":"https:\/\/api.w.org\/{rel}","templated":true}]}}